{"id":949,"date":"2013-08-22T17:09:01","date_gmt":"2013-08-22T16:09:01","guid":{"rendered":"http:\/\/wp.bapp.info\/?page_id=949"},"modified":"2018-12-30T15:38:35","modified_gmt":"2018-12-30T13:38:35","slug":"wissenschaftlicher-beirat","status":"publish","type":"page","link":"https:\/\/www.bapp.info\/?page_id=949","title":{"rendered":"Wissenschaftlicher Beirat"},"content":{"rendered":"<p><strong>Prof. Dr. Sabine Wei\u00dfflog<\/strong>, Dr. rer. cur., MScN, Dipl.-Pflegewirtin (FH)<br \/>\nKrankenschwester<\/p>\n<ul>\n<li>Professorin Klinische Pflege Schwerpunkt Psychiatrie an der Frankfurt University of Applied Sciences<\/li>\n<li>Sprecherin Sektion Psychiatrische Pflegeforschung bei der DGP<\/li>\n<li>Jury Nachwuchspreis der Deutschen Gesellschaft f\u00fcr Soziale Psychiatrie (DGSP)<\/li>\n<li>Mitglied im Fachausschuss Forschung der DGSP<\/li>\n<li>Dozentin an der Hamburger Fern-Hochschule University of Applied Sciences<\/li>\n<li>Wissenschaftlicher Beirat zur Vergabe des DGPPN-Preises f\u00fcr Pflege- und Gesundheitsberufe in Psychiatrie, Psychotherapie und Psychosomatik<\/li>\n<li>Beirat Bildungsg\u00e4nge des Bereichs \u201ePsychische Gesundheit und Krankheit\u201c der Berner Fachhochschule Gesundheit, Schweiz<\/li>\n<li>Gutachterin an der FHS St. Gallen Hochschule f\u00fcr Angewandte Wissenschaften Studiengang Fachbereich Gesundheit, Schweiz<\/li>\n<li>Mitglied in der Deutsche Fachgesellschaft Psychiatrische Pflege (DFPP) und der Akademische Fachgesellschaft Psychiatrische Pflege (AFG) Schweiz<\/li>\n<li>Vortr\u00e4ge und Workshops auf internationalen Psychiatriekongressen<\/li>\n<\/ul>\n<hr \/>\n<p><strong>Dr. Susanne Schoppmann<\/strong>, Dr. rer. medic., Dipl.-Pflegewirtin (FH)<br \/>\nFachkrankenschwester f\u00fcr Psychiatrische Pflege<\/p>\n<ul>\n<li>Pflegewissenschaftlerin in zahlreichen Projekten im In- und Ausland<\/li>\n<li>Mitglied des Expertpannel von Horatio<\/li>\n<li>Mitglied im Fachausschuss Forschung der DGSP<\/li>\n<li>Mitglied im Organisationskomitee und wissenschaftlichen Beirats des 3-L\u00e4nder-Kongresses<\/li>\n<li>Mitherausgeberin der Zeitschrift: Praxiswissen Psychosozial<\/li>\n<li>Mitglied in der Deutsche Fachgesellschaft Psychiatrische Pflege (DFPP), in der Bundesinitiative Ambulante Psychiatrische Pflege e.V. (BAPP) und im Referat Psychiatrische Pflege der DGPPN<\/li>\n<\/ul>\n<hr \/>\n<p><strong>Dr. G\u00fcnter Meyer, <\/strong>Dr. phil., M.A.<br \/>\nKrankenpfleger<\/p>\n<ul>\n<li>Gr\u00fcnder und Gesch\u00e4ftsf\u00fchrer der Pflegestation Meyer und Kratzsch in Berlin (Fachschwerpunkt Gerontopsychiatrie und Psychiatrie)<\/li>\n<li>Vorstandsmitglied des AnbieterVerbandes qualit\u00e4tsorientierter Gesundheitseinrichtungen e.V. (AVG),<\/li>\n<li>Vorstandsmitglied der Bundesinitiative Ambulante Psychiatrische Pflege e.V. (BAPP)<\/li>\n<li>Vorstandsmitglied des Vereines f\u00fcr Psychiatrie und seelische Gesundheit e.V. (PIBB) in Berlin<\/li>\n<li>Dozent in verschiedenen Weiterbildungseinrichtungen<\/li>\n<li>Regelm\u00e4\u00dfige Ver\u00f6ffentlichungen<\/li>\n<\/ul>\n<hr \/>\n<p><strong>Prof. Dr. Dirk Richter<\/strong>, Dr. phil.<br \/>\nKrankenpfleger und Soziologe<\/p>\n<ul>\n<li>Promotion und Habilitation an der Universit\u00e4t M\u00fcnster<\/li>\n<li>Dozent f\u00fcr Forschung und Entwicklung Pflege am Fachbereich Gesundheit der Berner Fachhochschule<\/li>\n<li>Weiterbildung zum Qualit\u00e4tsmanager im Gesundheitswesen bei der \u00c4rztekammer Berlin<\/li>\n<li>Mitglied im Expertenpanel von \u201aHoratio \u2013 European Psychiatric Nurses\u2018<\/li>\n<li>Board Member des \u2018Research Committees Mental Health\u2019 der International Sociological Association<\/li>\n<li>Wissenschaftlicher Beirat der Zeitschrift \u201ePsychiatrische Praxis\u201c<\/li>\n<li>Mitglied im Referat Psychiatrische Pflege der DGPPN, in der Akademischen Fachgesellschaft Psychiatrische Pflege im Verband f\u00fcr Pflegewissenschaften, Schweiz und der \u201aEuropean Violence in Psychiatry Research Group\u2018<\/li>\n<li>Gutachter f\u00fcr diverse wissenschaftliche Zeitschriften und Forschungsf\u00f6rderungsorganisationen<\/li>\n<li>Zahlreiche Buch- und Zeitschriftenpublikationen<\/li>\n<\/ul>\n","protected":false},"excerpt":{"rendered":"<p>Prof. Dr. Sabine Wei\u00dfflog, Dr. rer. cur., MScN, Dipl.-Pflegewirtin (FH) Krankenschwester Professorin Klinische Pflege Schwerpunkt Psychiatrie an der Frankfurt University of Applied Sciences Sprecherin Sektion Psychiatrische Pflegeforschung bei der DGP Jury Nachwuchspreis der Deutschen Gesellschaft f\u00fcr Soziale Psychiatrie (DGSP) Mitglied im Fachausschuss Forschung der DGSP Dozentin an der Hamburger Fern-Hochschule University of Applied Sciences Wissenschaftlicher [&hellip;]<\/p>\n","protected":false},"author":891,"featured_media":0,"parent":784,"menu_order":0,"comment_status":"closed","ping_status":"closed","template":"","meta":{"ocean_post_layout":"","ocean_both_sidebars_style":"","ocean_both_sidebars_content_width":0,"ocean_both_sidebars_sidebars_width":0,"ocean_sidebar":"","ocean_second_sidebar":"","ocean_disable_margins":"enable","ocean_add_body_class":"","ocean_shortcode_before_top_bar":"","ocean_shortcode_after_top_bar":"","ocean_shortcode_before_header":"","ocean_shortcode_after_header":"","ocean_has_shortcode":"","ocean_shortcode_after_title":"","ocean_shortcode_before_footer_widgets":"","ocean_shortcode_after_footer_widgets":"","ocean_shortcode_before_footer_bottom":"","ocean_shortcode_after_footer_bottom":"","ocean_display_top_bar":"default","ocean_display_header":"default","ocean_header_style":"","ocean_center_header_left_menu":"","ocean_custom_header_template":"","ocean_custom_logo":0,"ocean_custom_retina_logo":0,"ocean_custom_logo_max_width":0,"ocean_custom_logo_tablet_max_width":0,"ocean_custom_logo_mobile_max_width":0,"ocean_custom_logo_max_height":0,"ocean_custom_logo_tablet_max_height":0,"ocean_custom_logo_mobile_max_height":0,"ocean_header_custom_menu":"","ocean_menu_typo_font_family":"","ocean_menu_typo_font_subset":"","ocean_menu_typo_font_size":0,"ocean_menu_typo_font_size_tablet":0,"ocean_menu_typo_font_size_mobile":0,"ocean_menu_typo_font_size_unit":"px","ocean_menu_typo_font_weight":"","ocean_menu_typo_font_weight_tablet":"","ocean_menu_typo_font_weight_mobile":"","ocean_menu_typo_transform":"","ocean_menu_typo_transform_tablet":"","ocean_menu_typo_transform_mobile":"","ocean_menu_typo_line_height":0,"ocean_menu_typo_line_height_tablet":0,"ocean_menu_typo_line_height_mobile":0,"ocean_menu_typo_line_height_unit":"","ocean_menu_typo_spacing":0,"ocean_menu_typo_spacing_tablet":0,"ocean_menu_typo_spacing_mobile":0,"ocean_menu_typo_spacing_unit":"","ocean_menu_link_color":"","ocean_menu_link_color_hover":"","ocean_menu_link_color_active":"","ocean_menu_link_background":"","ocean_menu_link_hover_background":"","ocean_menu_link_active_background":"","ocean_menu_social_links_bg":"","ocean_menu_social_hover_links_bg":"","ocean_menu_social_links_color":"","ocean_menu_social_hover_links_color":"","ocean_disable_title":"default","ocean_disable_heading":"default","ocean_post_title":"","ocean_post_subheading":"","ocean_post_title_style":"","ocean_post_title_background_color":"","ocean_post_title_background":0,"ocean_post_title_bg_image_position":"","ocean_post_title_bg_image_attachment":"","ocean_post_title_bg_image_repeat":"","ocean_post_title_bg_image_size":"","ocean_post_title_height":0,"ocean_post_title_bg_overlay":0.5,"ocean_post_title_bg_overlay_color":"","ocean_disable_breadcrumbs":"default","ocean_breadcrumbs_color":"","ocean_breadcrumbs_separator_color":"","ocean_breadcrumbs_links_color":"","ocean_breadcrumbs_links_hover_color":"","ocean_display_footer_widgets":"default","ocean_display_footer_bottom":"default","ocean_custom_footer_template":"","footnotes":""},"class_list":["post-949","page","type-page","status-publish","hentry","entry"],"yoast_head":"<!-- This site is optimized with the Yoast SEO plugin v27.5 - https:\/\/yoast.com\/product\/yoast-seo-wordpress\/ -->\n<title>Wissenschaftlicher Beirat | BAPP<\/title>\n<meta name=\"robots\" content=\"index, follow, max-snippet:-1, max-image-preview:large, max-video-preview:-1\" \/>\n<link rel=\"canonical\" href=\"https:\/\/www.bapp.info\/?page_id=949\" \/>\n<meta property=\"og:locale\" content=\"de_DE\" \/>\n<meta property=\"og:type\" content=\"article\" \/>\n<meta property=\"og:title\" content=\"Wissenschaftlicher Beirat | BAPP\" \/>\n<meta property=\"og:description\" content=\"Prof. Dr. Sabine Wei\u00dfflog, Dr. rer. cur., MScN, Dipl.-Pflegewirtin (FH) Krankenschwester Professorin Klinische Pflege Schwerpunkt Psychiatrie an der Frankfurt University of Applied Sciences Sprecherin Sektion Psychiatrische Pflegeforschung bei der DGP Jury Nachwuchspreis der Deutschen Gesellschaft f\u00fcr Soziale Psychiatrie (DGSP) Mitglied im Fachausschuss Forschung der DGSP Dozentin an der Hamburger Fern-Hochschule University of Applied Sciences Wissenschaftlicher [&hellip;]\" \/>\n<meta property=\"og:url\" content=\"https:\/\/www.bapp.info\/?page_id=949\" \/>\n<meta property=\"og:site_name\" content=\"BAPP\" \/>\n<meta property=\"article:publisher\" content=\"https:\/\/www.facebook.com\/BAPPev\/\" \/>\n<meta property=\"article:modified_time\" content=\"2018-12-30T13:38:35+00:00\" \/>\n<meta property=\"og:image\" content=\"https:\/\/www.bapp.info\/wp-content\/uploads\/2018\/11\/bapp2-schatten-www.png\" \/>\n\t<meta property=\"og:image:width\" content=\"1472\" \/>\n\t<meta property=\"og:image:height\" content=\"880\" \/>\n\t<meta property=\"og:image:type\" content=\"image\/png\" \/>\n<meta name=\"twitter:card\" content=\"summary_large_image\" \/>\n<meta name=\"twitter:site\" content=\"@BAPPev\" \/>\n<meta name=\"twitter:label1\" content=\"Gesch\u00e4tzte Lesezeit\" \/>\n\t<meta name=\"twitter:data1\" content=\"2\u00a0Minuten\" \/>\n<script type=\"application\/ld+json\" class=\"yoast-schema-graph\">{\"@context\":\"https:\\\/\\\/schema.org\",\"@graph\":[{\"@type\":\"WebPage\",\"@id\":\"https:\\\/\\\/www.bapp.info\\\/?page_id=949\",\"url\":\"https:\\\/\\\/www.bapp.info\\\/?page_id=949\",\"name\":\"Wissenschaftlicher Beirat | BAPP\",\"isPartOf\":{\"@id\":\"https:\\\/\\\/www.bapp.info\\\/#website\"},\"datePublished\":\"2013-08-22T16:09:01+00:00\",\"dateModified\":\"2018-12-30T13:38:35+00:00\",\"breadcrumb\":{\"@id\":\"https:\\\/\\\/www.bapp.info\\\/?page_id=949#breadcrumb\"},\"inLanguage\":\"de\",\"potentialAction\":[{\"@type\":\"ReadAction\",\"target\":[\"https:\\\/\\\/www.bapp.info\\\/?page_id=949\"]}]},{\"@type\":\"BreadcrumbList\",\"@id\":\"https:\\\/\\\/www.bapp.info\\\/?page_id=949#breadcrumb\",\"itemListElement\":[{\"@type\":\"ListItem\",\"position\":1,\"name\":\"Startseite\",\"item\":\"https:\\\/\\\/www.bapp.info\\\/\"},{\"@type\":\"ListItem\",\"position\":2,\"name\":\"Die BAPP\",\"item\":\"https:\\\/\\\/www.bapp.info\\\/?page_id=784\"},{\"@type\":\"ListItem\",\"position\":3,\"name\":\"Wissenschaftlicher Beirat\"}]},{\"@type\":\"WebSite\",\"@id\":\"https:\\\/\\\/www.bapp.info\\\/#website\",\"url\":\"https:\\\/\\\/www.bapp.info\\\/\",\"name\":\"BAPP\",\"description\":\"Bundesinitiative Ambulante Psychiatrische Pflege\",\"publisher\":{\"@id\":\"https:\\\/\\\/www.bapp.info\\\/#organization\"},\"potentialAction\":[{\"@type\":\"SearchAction\",\"target\":{\"@type\":\"EntryPoint\",\"urlTemplate\":\"https:\\\/\\\/www.bapp.info\\\/?s={search_term_string}\"},\"query-input\":{\"@type\":\"PropertyValueSpecification\",\"valueRequired\":true,\"valueName\":\"search_term_string\"}}],\"inLanguage\":\"de\"},{\"@type\":\"Organization\",\"@id\":\"https:\\\/\\\/www.bapp.info\\\/#organization\",\"name\":\"BAPP e.V.\",\"url\":\"https:\\\/\\\/www.bapp.info\\\/\",\"logo\":{\"@type\":\"ImageObject\",\"inLanguage\":\"de\",\"@id\":\"https:\\\/\\\/www.bapp.info\\\/#\\\/schema\\\/logo\\\/image\\\/\",\"url\":\"https:\\\/\\\/www.bapp.info\\\/wp-content\\\/uploads\\\/2018\\\/11\\\/bapp2-schatten-www.png\",\"contentUrl\":\"https:\\\/\\\/www.bapp.info\\\/wp-content\\\/uploads\\\/2018\\\/11\\\/bapp2-schatten-www.png\",\"width\":1472,\"height\":880,\"caption\":\"BAPP e.V.\"},\"image\":{\"@id\":\"https:\\\/\\\/www.bapp.info\\\/#\\\/schema\\\/logo\\\/image\\\/\"},\"sameAs\":[\"https:\\\/\\\/www.facebook.com\\\/BAPPev\\\/\",\"https:\\\/\\\/x.com\\\/BAPPev\"]}]}<\/script>\n<!-- \/ Yoast SEO plugin. -->","yoast_head_json":{"title":"Wissenschaftlicher Beirat | BAPP","robots":{"index":"index","follow":"follow","max-snippet":"max-snippet:-1","max-image-preview":"max-image-preview:large","max-video-preview":"max-video-preview:-1"},"canonical":"https:\/\/www.bapp.info\/?page_id=949","og_locale":"de_DE","og_type":"article","og_title":"Wissenschaftlicher Beirat | BAPP","og_description":"Prof. Dr. Sabine Wei\u00dfflog, Dr. rer. cur., MScN, Dipl.-Pflegewirtin (FH) Krankenschwester Professorin Klinische Pflege Schwerpunkt Psychiatrie an der Frankfurt University of Applied Sciences Sprecherin Sektion Psychiatrische Pflegeforschung bei der DGP Jury Nachwuchspreis der Deutschen Gesellschaft f\u00fcr Soziale Psychiatrie (DGSP) Mitglied im Fachausschuss Forschung der DGSP Dozentin an der Hamburger Fern-Hochschule University of Applied Sciences Wissenschaftlicher [&hellip;]","og_url":"https:\/\/www.bapp.info\/?page_id=949","og_site_name":"BAPP","article_publisher":"https:\/\/www.facebook.com\/BAPPev\/","article_modified_time":"2018-12-30T13:38:35+00:00","og_image":[{"width":1472,"height":880,"url":"https:\/\/www.bapp.info\/wp-content\/uploads\/2018\/11\/bapp2-schatten-www.png","type":"image\/png"}],"twitter_card":"summary_large_image","twitter_site":"@BAPPev","twitter_misc":{"Gesch\u00e4tzte Lesezeit":"2\u00a0Minuten"},"schema":{"@context":"https:\/\/schema.org","@graph":[{"@type":"WebPage","@id":"https:\/\/www.bapp.info\/?page_id=949","url":"https:\/\/www.bapp.info\/?page_id=949","name":"Wissenschaftlicher Beirat | BAPP","isPartOf":{"@id":"https:\/\/www.bapp.info\/#website"},"datePublished":"2013-08-22T16:09:01+00:00","dateModified":"2018-12-30T13:38:35+00:00","breadcrumb":{"@id":"https:\/\/www.bapp.info\/?page_id=949#breadcrumb"},"inLanguage":"de","potentialAction":[{"@type":"ReadAction","target":["https:\/\/www.bapp.info\/?page_id=949"]}]},{"@type":"BreadcrumbList","@id":"https:\/\/www.bapp.info\/?page_id=949#breadcrumb","itemListElement":[{"@type":"ListItem","position":1,"name":"Startseite","item":"https:\/\/www.bapp.info\/"},{"@type":"ListItem","position":2,"name":"Die BAPP","item":"https:\/\/www.bapp.info\/?page_id=784"},{"@type":"ListItem","position":3,"name":"Wissenschaftlicher Beirat"}]},{"@type":"WebSite","@id":"https:\/\/www.bapp.info\/#website","url":"https:\/\/www.bapp.info\/","name":"BAPP","description":"Bundesinitiative Ambulante Psychiatrische Pflege","publisher":{"@id":"https:\/\/www.bapp.info\/#organization"},"potentialAction":[{"@type":"SearchAction","target":{"@type":"EntryPoint","urlTemplate":"https:\/\/www.bapp.info\/?s={search_term_string}"},"query-input":{"@type":"PropertyValueSpecification","valueRequired":true,"valueName":"search_term_string"}}],"inLanguage":"de"},{"@type":"Organization","@id":"https:\/\/www.bapp.info\/#organization","name":"BAPP e.V.","url":"https:\/\/www.bapp.info\/","logo":{"@type":"ImageObject","inLanguage":"de","@id":"https:\/\/www.bapp.info\/#\/schema\/logo\/image\/","url":"https:\/\/www.bapp.info\/wp-content\/uploads\/2018\/11\/bapp2-schatten-www.png","contentUrl":"https:\/\/www.bapp.info\/wp-content\/uploads\/2018\/11\/bapp2-schatten-www.png","width":1472,"height":880,"caption":"BAPP e.V."},"image":{"@id":"https:\/\/www.bapp.info\/#\/schema\/logo\/image\/"},"sameAs":["https:\/\/www.facebook.com\/BAPPev\/","https:\/\/x.com\/BAPPev"]}]}},"_links":{"self":[{"href":"https:\/\/www.bapp.info\/index.php?rest_route=\/wp\/v2\/pages\/949","targetHints":{"allow":["GET"]}}],"collection":[{"href":"https:\/\/www.bapp.info\/index.php?rest_route=\/wp\/v2\/pages"}],"about":[{"href":"https:\/\/www.bapp.info\/index.php?rest_route=\/wp\/v2\/types\/page"}],"author":[{"embeddable":true,"href":"https:\/\/www.bapp.info\/index.php?rest_route=\/wp\/v2\/users\/891"}],"replies":[{"embeddable":true,"href":"https:\/\/www.bapp.info\/index.php?rest_route=%2Fwp%2Fv2%2Fcomments&post=949"}],"version-history":[{"count":0,"href":"https:\/\/www.bapp.info\/index.php?rest_route=\/wp\/v2\/pages\/949\/revisions"}],"up":[{"embeddable":true,"href":"https:\/\/www.bapp.info\/index.php?rest_route=\/wp\/v2\/pages\/784"}],"wp:attachment":[{"href":"https:\/\/www.bapp.info\/index.php?rest_route=%2Fwp%2Fv2%2Fmedia&parent=949"}],"curies":[{"name":"wp","href":"https:\/\/api.w.org\/{rel}","templated":true}]}}