{"id":876,"date":"2013-08-18T18:26:06","date_gmt":"2013-08-18T17:26:06","guid":{"rendered":"http:\/\/wp.bapp.info\/?page_id=876"},"modified":"2026-04-03T13:16:31","modified_gmt":"2026-04-03T11:16:31","slug":"kontakt","status":"publish","type":"page","link":"https:\/\/www.bapp.info\/?page_id=876","title":{"rendered":"Vorstand"},"content":{"rendered":"<p><strong>Doris Sch\u00e4fer<\/strong> (Vorsitzende)<br \/>\n| Krankenschwester f\u00fcr Psychiatrie<br \/>\n| CAS H\u00e4usliche Psychiatrische Pflege | Recovery Coach<br \/>\n| Leitung, APP &#8211; Psycho-Soziales Zentrum M\u00fcnster<\/p>\n<p>\u2192 Praktische ambulante psychiatrische Pflege<br \/>\n\u2192 Ambulante Soziotherapie<\/p>\n<p>Nordrhein-Westfalen, Tel. 0251 \/ 39937-0<br \/>\n<a href=\"mailto:schaefer@bapp.info\">schaefer@bapp.info<\/a><\/p>\n<hr \/>\n<p><strong>Volker Ha\u00dflinger<\/strong> (Stellvertr. Vorsitzender)<br \/>\n| Fachkrankenpfleger f\u00fcr Psychiatrie RbP<br \/>\n| Qualit\u00e4tsmanagementbeauftragter und interner Auditor<br \/>\n| Pr\u00e4sidiumsmitglied DFPP<\/p>\n<p>\u2192 BAPP-Gesch\u00e4ftsstelle<br \/>\n\u2192 Schatzmeister<br \/>\n\u2192 \u00d6ffentlichkeitsarbeit<br \/>\n\u2192 Vereinsadministration<br \/>\n\u2192 Kommunikation, Webmaster<br \/>\n\u2192 Kongruente Beziehungspflege<br \/>\n\u2192 Qualit\u00e4tsmanagement<\/p>\n<p>Bayern, Tel. 0911 \/ 965 777 82<br \/>\n<a href=\"mailto:hasslinger@bapp.info\">hasslinger@bapp.info<\/a><\/p>\n<hr \/>\n<p><!-- --><\/p>\n<p><strong>Dr. G\u00fcnter Meyer<\/strong> (Stellvertr. Vorsitzender)<br \/>\n| Krankenpfleger<br \/>\n| Gesch\u00e4ftsf\u00fchrer, Pflegestation Meyer &amp; Kratzsch Berlin<\/p>\n<p>\u2192 Vertragsverhandlungen<br \/>\n\u2192 Beratung beim Aufbau von psych. Pflegediensten*<br \/>\n\u2192 Ambulant betreute WGs f\u00fcr Menschen mit Demenz<br \/>\n\u2192 Beratung bei MDK-\u00dcberpr\u00fcfung*<br \/>\n\u2192 Berufspolit. Arbeit u.a. in Arbeitgeberverb\u00e4nden<br \/>\n\u2192 Personalmanagement<\/p>\n<p>Berlin, Tel. 030 \/ 347 459 43<br \/>\n<a href=\"mailto:meyer@bapp.info\">meyer@bapp.info<\/a><\/p>\n<hr \/>\n<p><!-- --><\/p>\n<p><strong>Alfred Karsten<\/strong> (Beisitzer)<br \/>\n| Fachkrankenpfleger f\u00fcr Psychiatrie<br \/>\n| CAS H\u00e4usliche Psychiatrische Pflege<\/p>\n<p>\u2192 Integrierte Versorgung<br \/>\n\u2192 Praktische ambulante psychiatrische Pflege<\/p>\n<p>Niedersachsen, Tel.\u00a004777 \/ 808 766<br \/>\n<a href=\"mailto:karsten@bapp.info\">karsten@bapp.info<\/a><\/p>\n<hr \/>\n<p><!-- --><\/p>\n<p><strong>Ulrike Seng<\/strong> (Beisitzerin)<br \/>\n| Fachkrankenschwester f\u00fcr Psychiatrie<br \/>\n| CAS H\u00e4usliche Psychiatrische Pflege | Recovery Coach<br \/>\n| Stellv. Leitung, B\u00fcndnis Ambulante Psychiatrie GmbH Verden<\/p>\n<p>\u2192 Praktische ambulante psychiatrische Pflege<br \/>\n\u2192 Need-Adapted-Treatment<\/p>\n<p>Niedersachsen, Tel. 0151 \/ 146 296 96<br \/>\n<a href=\"mailto:seng@bapp.info\">seng@bapp.info<\/a><\/p>\n<hr \/>\n<p><!-- --><\/p>\n<p><strong>Stefanie Lutz-Scheidt<\/strong> (Beisitzerin)<br \/>\n| Krankenschwester SPZA<br \/>\n| Gesch\u00e4ftsf\u00fchrerin Visit-soziotherapeutischer Pflegedienst GmbH<\/p>\n<p>\u2192 Praktische psychiatrische h\u00e4usliche Krankenpflege<br \/>\n\u2192 Eingliederungshilfe, ambulant betreutes Wohnen<br \/>\n\u2192 Angeh\u00f6rigengruppenleitung<\/p>\n<p>Baden-W\u00fcrttemberg, Tel. 07231 \/ 47 27 10<br \/>\n<a href=\"mailto:lutz-scheidt@bapp.info\">lutz-scheidt@bapp.info<\/a><\/p>\n<hr \/>\n<p><!-- --><\/p>\n<p><strong>Matthias Witt<\/strong> (Beisitzer)<br \/>\n| Fachkrankenpfleger f\u00fcr Psychiatrie | Rettungsassistent<br \/>\n| Pflegedienstleiter APP Jerichow<\/p>\n<p>\u2192 Praktische psychiatrische h\u00e4usliche Krankenpflege<br \/>\n\u2192 Ambulante Soziotherapie<br \/>\n\u2192 Eingliederungshilfe ambulant betreutes Wohnen<\/p>\n<p>Sachsen-Anhalt, Tel. 01590 \/ 410 60 20<br \/>\n<a href=\"mailto:witt@bapp.info\">witt@bapp.info<\/a><\/p>\n<hr \/>\n<p><!-- --><\/p>\n<p><strong>Peter Roddau<\/strong> (Beisitzer)<br \/>\n| Fachgesundheits- &amp; Krankenpfleger in der Gerontopsychiatrie<br \/>\n| Recovery Coach | Zertifizierter PTBS-Begleiter<\/p>\n<p>\u2192 Praktische ambulante psychiatrische Pflege<\/p>\n<p>Niedersachsen, Tel. 0151 \/ 268 320 62<br \/>\n<a href=\"mailto:roddau@bapp.info\">roddau@bapp.info<\/a><\/p>\n<hr \/>\n<p><!-- --><\/p>\n<p><strong>Tanja Immega<\/strong> (Beisitzerin)<br \/>\n| Krankenschwester mit sozialpsychiatr. Zusatzausbildung<br \/>\n| Pflegedienstleitung pHKP Das Boot e.V. Emden<br \/>\n| Gesch\u00e4ftsf\u00fchrerin Verein Das Boot e.V.<\/p>\n<p>\u2192 Praktische ambulante psychiatrische Pflege<\/p>\n<p>Niedersachsen, Tel. 0172 \/ 219 82 95<br \/>\n<a href=\"mailto:immega@bapp.info\">immega@bapp.info<\/a><\/p>\n<hr \/>\n<p style=\"text-align: center;\">* Beratungen k\u00f6nnen je nach Aufwand kostenpflichtig sein.<br \/>\nBAPP-Mitglieder erhalten eine Erm\u00e4ssigung.<\/p>\n","protected":false},"excerpt":{"rendered":"<p>Doris Sch\u00e4fer (Vorsitzende) | Krankenschwester f\u00fcr Psychiatrie | CAS H\u00e4usliche Psychiatrische Pflege | Recovery Coach | Leitung, APP &#8211; Psycho-Soziales Zentrum M\u00fcnster \u2192 Praktische ambulante psychiatrische Pflege \u2192 Ambulante Soziotherapie Nordrhein-Westfalen, Tel. 0251 \/ 39937-0 schaefer@bapp.info Volker Ha\u00dflinger (Stellvertr. Vorsitzender) | Fachkrankenpfleger f\u00fcr Psychiatrie RbP | Qualit\u00e4tsmanagementbeauftragter und interner Auditor | Pr\u00e4sidiumsmitglied DFPP \u2192 BAPP-Gesch\u00e4ftsstelle [&hellip;]<\/p>\n","protected":false},"author":891,"featured_media":0,"parent":784,"menu_order":0,"comment_status":"closed","ping_status":"open","template":"","meta":{"ocean_post_layout":"","ocean_both_sidebars_style":"","ocean_both_sidebars_content_width":0,"ocean_both_sidebars_sidebars_width":0,"ocean_sidebar":"0","ocean_second_sidebar":"0","ocean_disable_margins":"enable","ocean_add_body_class":"","ocean_shortcode_before_top_bar":"","ocean_shortcode_after_top_bar":"","ocean_shortcode_before_header":"","ocean_shortcode_after_header":"","ocean_has_shortcode":"","ocean_shortcode_after_title":"","ocean_shortcode_before_footer_widgets":"","ocean_shortcode_after_footer_widgets":"","ocean_shortcode_before_footer_bottom":"","ocean_shortcode_after_footer_bottom":"","ocean_display_top_bar":"default","ocean_display_header":"default","ocean_header_style":"","ocean_center_header_left_menu":"0","ocean_custom_header_template":"0","ocean_custom_logo":0,"ocean_custom_retina_logo":0,"ocean_custom_logo_max_width":0,"ocean_custom_logo_tablet_max_width":0,"ocean_custom_logo_mobile_max_width":0,"ocean_custom_logo_max_height":0,"ocean_custom_logo_tablet_max_height":0,"ocean_custom_logo_mobile_max_height":0,"ocean_header_custom_menu":"0","ocean_menu_typo_font_family":"0","ocean_menu_typo_font_subset":"","ocean_menu_typo_font_size":0,"ocean_menu_typo_font_size_tablet":0,"ocean_menu_typo_font_size_mobile":0,"ocean_menu_typo_font_size_unit":"px","ocean_menu_typo_font_weight":"","ocean_menu_typo_font_weight_tablet":"","ocean_menu_typo_font_weight_mobile":"","ocean_menu_typo_transform":"","ocean_menu_typo_transform_tablet":"","ocean_menu_typo_transform_mobile":"","ocean_menu_typo_line_height":0,"ocean_menu_typo_line_height_tablet":0,"ocean_menu_typo_line_height_mobile":0,"ocean_menu_typo_line_height_unit":"","ocean_menu_typo_spacing":0,"ocean_menu_typo_spacing_tablet":0,"ocean_menu_typo_spacing_mobile":0,"ocean_menu_typo_spacing_unit":"","ocean_menu_link_color":"","ocean_menu_link_color_hover":"","ocean_menu_link_color_active":"","ocean_menu_link_background":"","ocean_menu_link_hover_background":"","ocean_menu_link_active_background":"","ocean_menu_social_links_bg":"","ocean_menu_social_hover_links_bg":"","ocean_menu_social_links_color":"","ocean_menu_social_hover_links_color":"","ocean_disable_title":"default","ocean_disable_heading":"default","ocean_post_title":"","ocean_post_subheading":"","ocean_post_title_style":"","ocean_post_title_background_color":"","ocean_post_title_background":0,"ocean_post_title_bg_image_position":"","ocean_post_title_bg_image_attachment":"","ocean_post_title_bg_image_repeat":"","ocean_post_title_bg_image_size":"","ocean_post_title_height":0,"ocean_post_title_bg_overlay":0.5,"ocean_post_title_bg_overlay_color":"","ocean_disable_breadcrumbs":"default","ocean_breadcrumbs_color":"","ocean_breadcrumbs_separator_color":"","ocean_breadcrumbs_links_color":"","ocean_breadcrumbs_links_hover_color":"","ocean_display_footer_widgets":"default","ocean_display_footer_bottom":"default","ocean_custom_footer_template":"0","footnotes":""},"class_list":["post-876","page","type-page","status-publish","hentry","entry"],"yoast_head":"<!-- This site is optimized with the Yoast SEO plugin v27.5 - https:\/\/yoast.com\/product\/yoast-seo-wordpress\/ -->\n<title>Vorstand | BAPP<\/title>\n<meta name=\"robots\" content=\"index, follow, max-snippet:-1, max-image-preview:large, max-video-preview:-1\" \/>\n<link rel=\"canonical\" href=\"https:\/\/www.bapp.info\/?page_id=876\" \/>\n<meta property=\"og:locale\" content=\"de_DE\" \/>\n<meta property=\"og:type\" content=\"article\" \/>\n<meta property=\"og:title\" content=\"Vorstand | BAPP\" \/>\n<meta property=\"og:description\" content=\"Doris Sch\u00e4fer (Vorsitzende) | Krankenschwester f\u00fcr Psychiatrie | CAS H\u00e4usliche Psychiatrische Pflege | Recovery Coach | Leitung, APP &#8211; Psycho-Soziales Zentrum M\u00fcnster \u2192 Praktische ambulante psychiatrische Pflege \u2192 Ambulante Soziotherapie Nordrhein-Westfalen, Tel. 0251 \/ 39937-0 schaefer@bapp.info Volker Ha\u00dflinger (Stellvertr. Vorsitzender) | Fachkrankenpfleger f\u00fcr Psychiatrie RbP | Qualit\u00e4tsmanagementbeauftragter und interner Auditor | Pr\u00e4sidiumsmitglied DFPP \u2192 BAPP-Gesch\u00e4ftsstelle [&hellip;]\" \/>\n<meta property=\"og:url\" content=\"https:\/\/www.bapp.info\/?page_id=876\" \/>\n<meta property=\"og:site_name\" content=\"BAPP\" \/>\n<meta property=\"article:publisher\" content=\"https:\/\/www.facebook.com\/BAPPev\/\" \/>\n<meta property=\"article:modified_time\" content=\"2026-04-03T11:16:31+00:00\" \/>\n<meta property=\"og:image\" content=\"https:\/\/www.bapp.info\/wp-content\/uploads\/2018\/11\/bapp2-schatten-www.png\" \/>\n\t<meta property=\"og:image:width\" content=\"1472\" \/>\n\t<meta property=\"og:image:height\" content=\"880\" \/>\n\t<meta property=\"og:image:type\" content=\"image\/png\" \/>\n<meta name=\"twitter:card\" content=\"summary_large_image\" \/>\n<meta name=\"twitter:site\" content=\"@BAPPev\" \/>\n<meta name=\"twitter:label1\" content=\"Gesch\u00e4tzte Lesezeit\" \/>\n\t<meta name=\"twitter:data1\" content=\"2\u00a0Minuten\" \/>\n<script type=\"application\/ld+json\" class=\"yoast-schema-graph\">{\"@context\":\"https:\\\/\\\/schema.org\",\"@graph\":[{\"@type\":\"WebPage\",\"@id\":\"https:\\\/\\\/www.bapp.info\\\/?page_id=876\",\"url\":\"https:\\\/\\\/www.bapp.info\\\/?page_id=876\",\"name\":\"Vorstand | BAPP\",\"isPartOf\":{\"@id\":\"https:\\\/\\\/www.bapp.info\\\/#website\"},\"datePublished\":\"2013-08-18T17:26:06+00:00\",\"dateModified\":\"2026-04-03T11:16:31+00:00\",\"breadcrumb\":{\"@id\":\"https:\\\/\\\/www.bapp.info\\\/?page_id=876#breadcrumb\"},\"inLanguage\":\"de\",\"potentialAction\":[{\"@type\":\"ReadAction\",\"target\":[\"https:\\\/\\\/www.bapp.info\\\/?page_id=876\"]}]},{\"@type\":\"BreadcrumbList\",\"@id\":\"https:\\\/\\\/www.bapp.info\\\/?page_id=876#breadcrumb\",\"itemListElement\":[{\"@type\":\"ListItem\",\"position\":1,\"name\":\"Startseite\",\"item\":\"https:\\\/\\\/www.bapp.info\\\/\"},{\"@type\":\"ListItem\",\"position\":2,\"name\":\"Die BAPP\",\"item\":\"https:\\\/\\\/www.bapp.info\\\/?page_id=784\"},{\"@type\":\"ListItem\",\"position\":3,\"name\":\"Vorstand\"}]},{\"@type\":\"WebSite\",\"@id\":\"https:\\\/\\\/www.bapp.info\\\/#website\",\"url\":\"https:\\\/\\\/www.bapp.info\\\/\",\"name\":\"BAPP\",\"description\":\"Bundesinitiative Ambulante Psychiatrische Pflege\",\"publisher\":{\"@id\":\"https:\\\/\\\/www.bapp.info\\\/#organization\"},\"potentialAction\":[{\"@type\":\"SearchAction\",\"target\":{\"@type\":\"EntryPoint\",\"urlTemplate\":\"https:\\\/\\\/www.bapp.info\\\/?s={search_term_string}\"},\"query-input\":{\"@type\":\"PropertyValueSpecification\",\"valueRequired\":true,\"valueName\":\"search_term_string\"}}],\"inLanguage\":\"de\"},{\"@type\":\"Organization\",\"@id\":\"https:\\\/\\\/www.bapp.info\\\/#organization\",\"name\":\"BAPP e.V.\",\"url\":\"https:\\\/\\\/www.bapp.info\\\/\",\"logo\":{\"@type\":\"ImageObject\",\"inLanguage\":\"de\",\"@id\":\"https:\\\/\\\/www.bapp.info\\\/#\\\/schema\\\/logo\\\/image\\\/\",\"url\":\"https:\\\/\\\/www.bapp.info\\\/wp-content\\\/uploads\\\/2018\\\/11\\\/bapp2-schatten-www.png\",\"contentUrl\":\"https:\\\/\\\/www.bapp.info\\\/wp-content\\\/uploads\\\/2018\\\/11\\\/bapp2-schatten-www.png\",\"width\":1472,\"height\":880,\"caption\":\"BAPP e.V.\"},\"image\":{\"@id\":\"https:\\\/\\\/www.bapp.info\\\/#\\\/schema\\\/logo\\\/image\\\/\"},\"sameAs\":[\"https:\\\/\\\/www.facebook.com\\\/BAPPev\\\/\",\"https:\\\/\\\/x.com\\\/BAPPev\"]}]}<\/script>\n<!-- \/ Yoast SEO plugin. -->","yoast_head_json":{"title":"Vorstand | BAPP","robots":{"index":"index","follow":"follow","max-snippet":"max-snippet:-1","max-image-preview":"max-image-preview:large","max-video-preview":"max-video-preview:-1"},"canonical":"https:\/\/www.bapp.info\/?page_id=876","og_locale":"de_DE","og_type":"article","og_title":"Vorstand | BAPP","og_description":"Doris Sch\u00e4fer (Vorsitzende) | Krankenschwester f\u00fcr Psychiatrie | CAS H\u00e4usliche Psychiatrische Pflege | Recovery Coach | Leitung, APP &#8211; Psycho-Soziales Zentrum M\u00fcnster \u2192 Praktische ambulante psychiatrische Pflege \u2192 Ambulante Soziotherapie Nordrhein-Westfalen, Tel. 0251 \/ 39937-0 schaefer@bapp.info Volker Ha\u00dflinger (Stellvertr. Vorsitzender) | Fachkrankenpfleger f\u00fcr Psychiatrie RbP | Qualit\u00e4tsmanagementbeauftragter und interner Auditor | Pr\u00e4sidiumsmitglied DFPP \u2192 BAPP-Gesch\u00e4ftsstelle [&hellip;]","og_url":"https:\/\/www.bapp.info\/?page_id=876","og_site_name":"BAPP","article_publisher":"https:\/\/www.facebook.com\/BAPPev\/","article_modified_time":"2026-04-03T11:16:31+00:00","og_image":[{"width":1472,"height":880,"url":"https:\/\/www.bapp.info\/wp-content\/uploads\/2018\/11\/bapp2-schatten-www.png","type":"image\/png"}],"twitter_card":"summary_large_image","twitter_site":"@BAPPev","twitter_misc":{"Gesch\u00e4tzte Lesezeit":"2\u00a0Minuten"},"schema":{"@context":"https:\/\/schema.org","@graph":[{"@type":"WebPage","@id":"https:\/\/www.bapp.info\/?page_id=876","url":"https:\/\/www.bapp.info\/?page_id=876","name":"Vorstand | BAPP","isPartOf":{"@id":"https:\/\/www.bapp.info\/#website"},"datePublished":"2013-08-18T17:26:06+00:00","dateModified":"2026-04-03T11:16:31+00:00","breadcrumb":{"@id":"https:\/\/www.bapp.info\/?page_id=876#breadcrumb"},"inLanguage":"de","potentialAction":[{"@type":"ReadAction","target":["https:\/\/www.bapp.info\/?page_id=876"]}]},{"@type":"BreadcrumbList","@id":"https:\/\/www.bapp.info\/?page_id=876#breadcrumb","itemListElement":[{"@type":"ListItem","position":1,"name":"Startseite","item":"https:\/\/www.bapp.info\/"},{"@type":"ListItem","position":2,"name":"Die BAPP","item":"https:\/\/www.bapp.info\/?page_id=784"},{"@type":"ListItem","position":3,"name":"Vorstand"}]},{"@type":"WebSite","@id":"https:\/\/www.bapp.info\/#website","url":"https:\/\/www.bapp.info\/","name":"BAPP","description":"Bundesinitiative Ambulante Psychiatrische Pflege","publisher":{"@id":"https:\/\/www.bapp.info\/#organization"},"potentialAction":[{"@type":"SearchAction","target":{"@type":"EntryPoint","urlTemplate":"https:\/\/www.bapp.info\/?s={search_term_string}"},"query-input":{"@type":"PropertyValueSpecification","valueRequired":true,"valueName":"search_term_string"}}],"inLanguage":"de"},{"@type":"Organization","@id":"https:\/\/www.bapp.info\/#organization","name":"BAPP e.V.","url":"https:\/\/www.bapp.info\/","logo":{"@type":"ImageObject","inLanguage":"de","@id":"https:\/\/www.bapp.info\/#\/schema\/logo\/image\/","url":"https:\/\/www.bapp.info\/wp-content\/uploads\/2018\/11\/bapp2-schatten-www.png","contentUrl":"https:\/\/www.bapp.info\/wp-content\/uploads\/2018\/11\/bapp2-schatten-www.png","width":1472,"height":880,"caption":"BAPP e.V."},"image":{"@id":"https:\/\/www.bapp.info\/#\/schema\/logo\/image\/"},"sameAs":["https:\/\/www.facebook.com\/BAPPev\/","https:\/\/x.com\/BAPPev"]}]}},"_links":{"self":[{"href":"https:\/\/www.bapp.info\/index.php?rest_route=\/wp\/v2\/pages\/876","targetHints":{"allow":["GET"]}}],"collection":[{"href":"https:\/\/www.bapp.info\/index.php?rest_route=\/wp\/v2\/pages"}],"about":[{"href":"https:\/\/www.bapp.info\/index.php?rest_route=\/wp\/v2\/types\/page"}],"author":[{"embeddable":true,"href":"https:\/\/www.bapp.info\/index.php?rest_route=\/wp\/v2\/users\/891"}],"replies":[{"embeddable":true,"href":"https:\/\/www.bapp.info\/index.php?rest_route=%2Fwp%2Fv2%2Fcomments&post=876"}],"version-history":[{"count":8,"href":"https:\/\/www.bapp.info\/index.php?rest_route=\/wp\/v2\/pages\/876\/revisions"}],"predecessor-version":[{"id":3699,"href":"https:\/\/www.bapp.info\/index.php?rest_route=\/wp\/v2\/pages\/876\/revisions\/3699"}],"up":[{"embeddable":true,"href":"https:\/\/www.bapp.info\/index.php?rest_route=\/wp\/v2\/pages\/784"}],"wp:attachment":[{"href":"https:\/\/www.bapp.info\/index.php?rest_route=%2Fwp%2Fv2%2Fmedia&parent=876"}],"curies":[{"name":"wp","href":"https:\/\/api.w.org\/{rel}","templated":true}]}}